{"id":210,"date":"2024-06-18T11:21:21","date_gmt":"2024-06-18T09:21:21","guid":{"rendered":"https:\/\/centredemudances.com\/mudanzas\/"},"modified":"2024-08-26T10:51:49","modified_gmt":"2024-08-26T08:51:49","slug":"mudanzas","status":"publish","type":"page","link":"https:\/\/centredemudances.com\/es\/mudanzas\/","title":{"rendered":"Mudanzas Girona"},"content":{"rendered":"\t\t<div data-elementor-type=\"wp-page\" data-elementor-id=\"210\" class=\"elementor elementor-210 elementor-12\" data-elementor-post-type=\"page\">\n\t\t\t\t<div class=\"elementor-element elementor-element-b113c0c e-flex e-con-boxed e-con e-parent\" data-id=\"b113c0c\" data-element_type=\"container\" data-settings=\"{&quot;background_background&quot;:&quot;classic&quot;}\">\n\t\t\t\t\t<div class=\"e-con-inner\">\n\t\t\t\t<div class=\"elementor-element elementor-element-a65df37 elementor-widget elementor-widget-image\" data-id=\"a65df37\" data-element_type=\"widget\" data-widget_type=\"image.default\">\n\t\t\t\t<div class=\"elementor-widget-container\">\n\t\t\t\t\t\t\t\t\t\t\t\t\t\t\t<img fetchpriority=\"high\" decoding=\"async\" width=\"1800\" height=\"1082\" src=\"https:\/\/centredemudances.com\/wp-content\/uploads\/2024\/06\/img4-1.jpg\" class=\"attachment-full size-full wp-image-190\" alt=\"Mudances professionals a Girona\" srcset=\"https:\/\/centredemudances.com\/wp-content\/uploads\/2024\/06\/img4-1.jpg 1800w, https:\/\/centredemudances.com\/wp-content\/uploads\/2024\/06\/img4-1-300x180.jpg 300w, https:\/\/centredemudances.com\/wp-content\/uploads\/2024\/06\/img4-1-1024x616.jpg 1024w, https:\/\/centredemudances.com\/wp-content\/uploads\/2024\/06\/img4-1-768x462.jpg 768w, https:\/\/centredemudances.com\/wp-content\/uploads\/2024\/06\/img4-1-1536x923.jpg 1536w\" sizes=\"(max-width: 1800px) 100vw, 1800px\" \/>\t\t\t\t\t\t\t\t\t\t\t\t\t\t\t<\/div>\n\t\t\t\t<\/div>\n\t\t\t\t<div class=\"elementor-element elementor-element-7d57958 elementor-widget elementor-widget-text-editor\" data-id=\"7d57958\" data-element_type=\"widget\" data-widget_type=\"text-editor.default\">\n\t\t\t\t<div class=\"elementor-widget-container\">\n\t\t\t\t\t\t\t\t\t<p><strong>Equipo de mudanzas en Girona profesionales, r\u00e1pidos y fiables.<\/strong><br \/>Buscamos al equipo que necesitas, ya sea por mudanzas internacionales, nacionales o locales.<br \/>Dinos de d\u00f3nde quieres que te llevemos las cosas, y te haremos un presupuesto a medida.<\/p><p>Podemos calcular la mudanza a horas o a precio cerrado. <strong>T\u00fa eliges y nosotros te asesoramos.<\/strong><\/p><p>Podemos realizar el servicio con elevadores si lo necesita. Tambi\u00e9n gestionamos permisos de ocupaci\u00f3n de la v\u00eda p\u00fablica para poder aparcar c\u00f3modamente delante de su casa o su oficina para realizar el traslado.<\/p>\t\t\t\t\t\t\t\t<\/div>\n\t\t\t\t<\/div>\n\t\t\t\t<div class=\"elementor-element elementor-element-3faa932 elementor-align-center elementor-widget elementor-widget-button\" data-id=\"3faa932\" data-element_type=\"widget\" data-widget_type=\"button.default\">\n\t\t\t\t<div class=\"elementor-widget-container\">\n\t\t\t\t\t\t\t\t\t<div class=\"elementor-button-wrapper\">\n\t\t\t\t\t<a class=\"elementor-button elementor-button-link elementor-size-sm\" href=\"https:\/\/centredemudances.com\/es\/presupuestos\/\">\n\t\t\t\t\t\t<span class=\"elementor-button-content-wrapper\">\n\t\t\t\t\t\t<span class=\"elementor-button-icon\">\n\t\t\t\t<svg aria-hidden=\"true\" class=\"e-font-icon-svg e-fas-arrow-right\" viewBox=\"0 0 448 512\" xmlns=\"http:\/\/www.w3.org\/2000\/svg\"><path d=\"M190.5 66.9l22.2-22.2c9.4-9.4 24.6-9.4 33.9 0L441 239c9.4 9.4 9.4 24.6 0 33.9L246.6 467.3c-9.4 9.4-24.6 9.4-33.9 0l-22.2-22.2c-9.5-9.5-9.3-25 .4-34.3L311.4 296H24c-13.3 0-24-10.7-24-24v-32c0-13.3 10.7-24 24-24h287.4L190.9 101.2c-9.8-9.3-10-24.8-.4-34.3z\"><\/path><\/svg>\t\t\t<\/span>\n\t\t\t\t\t\t\t\t\t<span class=\"elementor-button-text\">P\u00eddenos presupuesto<\/span>\n\t\t\t\t\t<\/span>\n\t\t\t\t\t<\/a>\n\t\t\t\t<\/div>\n\t\t\t\t\t\t\t\t<\/div>\n\t\t\t\t<\/div>\n\t\t\t\t\t<\/div>\n\t\t\t\t<\/div>\n\t\t<div class=\"elementor-element elementor-element-9282837 e-con-full e-flex e-con e-parent\" data-id=\"9282837\" data-element_type=\"container\" data-settings=\"{&quot;background_background&quot;:&quot;classic&quot;}\">\n\t\t\t\t<div class=\"elementor-element elementor-element-fc7a94a elementor-widget elementor-widget-heading\" data-id=\"fc7a94a\" data-element_type=\"widget\" data-widget_type=\"heading.default\">\n\t\t\t\t<div class=\"elementor-widget-container\">\n\t\t\t\t\t<h2 class=\"elementor-heading-title elementor-size-default\">Nuestros servicios<\/h2>\t\t\t\t<\/div>\n\t\t\t\t<\/div>\n\t\t<div class=\"elementor-element elementor-element-b4383d5 e-grid e-con-full e-con e-child\" data-id=\"b4383d5\" data-element_type=\"container\" data-settings=\"{&quot;background_background&quot;:&quot;classic&quot;}\">\n\t\t\t\t<div class=\"elementor-element elementor-element-216f0fb elementor-widget-mobile__width-initial elementor-position-top elementor-widget elementor-widget-image-box\" data-id=\"216f0fb\" data-element_type=\"widget\" data-widget_type=\"image-box.default\">\n\t\t\t\t<div class=\"elementor-widget-container\">\n\t\t\t\t\t<div class=\"elementor-image-box-wrapper\"><figure class=\"elementor-image-box-img\"><img decoding=\"async\" width=\"400\" height=\"298\" src=\"https:\/\/centredemudances.com\/wp-content\/uploads\/2024\/06\/Centremudances_0005_Capa-1.png\" class=\"attachment-full size-full wp-image-49\" alt=\"\" srcset=\"https:\/\/centredemudances.com\/wp-content\/uploads\/2024\/06\/Centremudances_0005_Capa-1.png 400w, https:\/\/centredemudances.com\/wp-content\/uploads\/2024\/06\/Centremudances_0005_Capa-1-300x224.png 300w\" sizes=\"(max-width: 400px) 100vw, 400px\" \/><\/figure><div class=\"elementor-image-box-content\"><h3 class=\"elementor-image-box-title\">Montaje y desmontaje de muebles<\/h3><\/div><\/div>\t\t\t\t<\/div>\n\t\t\t\t<\/div>\n\t\t\t\t<div class=\"elementor-element elementor-element-12656d0 elementor-widget-mobile__width-initial elementor-position-top elementor-widget elementor-widget-image-box\" data-id=\"12656d0\" data-element_type=\"widget\" data-widget_type=\"image-box.default\">\n\t\t\t\t<div class=\"elementor-widget-container\">\n\t\t\t\t\t<div class=\"elementor-image-box-wrapper\"><figure class=\"elementor-image-box-img\"><img decoding=\"async\" width=\"400\" height=\"298\" src=\"https:\/\/centredemudances.com\/wp-content\/uploads\/2024\/06\/Centremudances_0004_Capa-2.png\" class=\"attachment-full size-full wp-image-48\" alt=\"\" srcset=\"https:\/\/centredemudances.com\/wp-content\/uploads\/2024\/06\/Centremudances_0004_Capa-2.png 400w, https:\/\/centredemudances.com\/wp-content\/uploads\/2024\/06\/Centremudances_0004_Capa-2-300x224.png 300w\" sizes=\"(max-width: 400px) 100vw, 400px\" \/><\/figure><div class=\"elementor-image-box-content\"><h3 class=\"elementor-image-box-title\">Transporte<\/h3><\/div><\/div>\t\t\t\t<\/div>\n\t\t\t\t<\/div>\n\t\t\t\t<div class=\"elementor-element elementor-element-65b2c2a elementor-widget-mobile__width-initial elementor-position-top elementor-widget elementor-widget-image-box\" data-id=\"65b2c2a\" data-element_type=\"widget\" data-widget_type=\"image-box.default\">\n\t\t\t\t<div class=\"elementor-widget-container\">\n\t\t\t\t\t<div class=\"elementor-image-box-wrapper\"><figure class=\"elementor-image-box-img\"><img loading=\"lazy\" decoding=\"async\" width=\"400\" height=\"298\" src=\"https:\/\/centredemudances.com\/wp-content\/uploads\/2024\/06\/Centremudances_0003_Capa-3.png\" class=\"attachment-full size-full wp-image-47\" alt=\"\" srcset=\"https:\/\/centredemudances.com\/wp-content\/uploads\/2024\/06\/Centremudances_0003_Capa-3.png 400w, https:\/\/centredemudances.com\/wp-content\/uploads\/2024\/06\/Centremudances_0003_Capa-3-300x224.png 300w\" sizes=\"(max-width: 400px) 100vw, 400px\" \/><\/figure><div class=\"elementor-image-box-content\"><h3 class=\"elementor-image-box-title\">Protecci\u00f3n de tus bienes<\/h3><\/div><\/div>\t\t\t\t<\/div>\n\t\t\t\t<\/div>\n\t\t\t\t<div class=\"elementor-element elementor-element-2d4ab4b elementor-widget-mobile__width-initial elementor-position-top elementor-widget elementor-widget-image-box\" data-id=\"2d4ab4b\" data-element_type=\"widget\" data-widget_type=\"image-box.default\">\n\t\t\t\t<div class=\"elementor-widget-container\">\n\t\t\t\t\t<div class=\"elementor-image-box-wrapper\"><figure class=\"elementor-image-box-img\"><img loading=\"lazy\" decoding=\"async\" width=\"400\" height=\"298\" src=\"https:\/\/centredemudances.com\/wp-content\/uploads\/2024\/06\/transportPRO.png\" class=\"attachment-full size-full wp-image-153\" alt=\"\" srcset=\"https:\/\/centredemudances.com\/wp-content\/uploads\/2024\/06\/transportPRO.png 400w, https:\/\/centredemudances.com\/wp-content\/uploads\/2024\/06\/transportPRO-300x224.png 300w\" sizes=\"(max-width: 400px) 100vw, 400px\" \/><\/figure><div class=\"elementor-image-box-content\"><h3 class=\"elementor-image-box-title\">Embalaje profesional de tus cosas<\/h3><\/div><\/div>\t\t\t\t<\/div>\n\t\t\t\t<\/div>\n\t\t\t\t<div class=\"elementor-element elementor-element-6f7e064 elementor-widget-mobile__width-initial elementor-position-top elementor-widget elementor-widget-image-box\" data-id=\"6f7e064\" data-element_type=\"widget\" data-widget_type=\"image-box.default\">\n\t\t\t\t<div class=\"elementor-widget-container\">\n\t\t\t\t\t<div class=\"elementor-image-box-wrapper\"><figure class=\"elementor-image-box-img\"><img loading=\"lazy\" decoding=\"async\" width=\"400\" height=\"298\" src=\"https:\/\/centredemudances.com\/wp-content\/uploads\/2024\/06\/Centremudances_0002_Capa-4.png\" class=\"attachment-full size-full wp-image-46\" alt=\"\" srcset=\"https:\/\/centredemudances.com\/wp-content\/uploads\/2024\/06\/Centremudances_0002_Capa-4.png 400w, https:\/\/centredemudances.com\/wp-content\/uploads\/2024\/06\/Centremudances_0002_Capa-4-300x224.png 300w\" sizes=\"(max-width: 400px) 100vw, 400px\" \/><\/figure><div class=\"elementor-image-box-content\"><h3 class=\"elementor-image-box-title\">Seguro garantizado por la empresa mudanza<\/h3><\/div><\/div>\t\t\t\t<\/div>\n\t\t\t\t<\/div>\n\t\t\t\t<div class=\"elementor-element elementor-element-cd5c591 elementor-widget-mobile__width-initial elementor-position-top elementor-widget elementor-widget-image-box\" data-id=\"cd5c591\" data-element_type=\"widget\" data-widget_type=\"image-box.default\">\n\t\t\t\t<div class=\"elementor-widget-container\">\n\t\t\t\t\t<div class=\"elementor-image-box-wrapper\"><figure class=\"elementor-image-box-img\"><img loading=\"lazy\" decoding=\"async\" width=\"400\" height=\"298\" src=\"https:\/\/centredemudances.com\/wp-content\/uploads\/2024\/06\/professionals.png\" class=\"attachment-full size-full wp-image-149\" alt=\"\" srcset=\"https:\/\/centredemudances.com\/wp-content\/uploads\/2024\/06\/professionals.png 400w, https:\/\/centredemudances.com\/wp-content\/uploads\/2024\/06\/professionals-300x224.png 300w\" sizes=\"(max-width: 400px) 100vw, 400px\" \/><\/figure><div class=\"elementor-image-box-content\"><h3 class=\"elementor-image-box-title\">Profesionales con experiencia<\/h3><\/div><\/div>\t\t\t\t<\/div>\n\t\t\t\t<\/div>\n\t\t\t\t<div class=\"elementor-element elementor-element-9d7ce6a elementor-widget-mobile__width-initial elementor-position-top elementor-widget elementor-widget-image-box\" data-id=\"9d7ce6a\" data-element_type=\"widget\" data-widget_type=\"image-box.default\">\n\t\t\t\t<div class=\"elementor-widget-container\">\n\t\t\t\t\t<div class=\"elementor-image-box-wrapper\"><figure class=\"elementor-image-box-img\"><img loading=\"lazy\" decoding=\"async\" width=\"400\" height=\"298\" src=\"https:\/\/centredemudances.com\/wp-content\/uploads\/2024\/06\/Centremudances_0001_Capa-5.png\" class=\"attachment-full size-full wp-image-45\" alt=\"\" srcset=\"https:\/\/centredemudances.com\/wp-content\/uploads\/2024\/06\/Centremudances_0001_Capa-5.png 400w, https:\/\/centredemudances.com\/wp-content\/uploads\/2024\/06\/Centremudances_0001_Capa-5-300x224.png 300w\" sizes=\"(max-width: 400px) 100vw, 400px\" \/><\/figure><div class=\"elementor-image-box-content\"><h3 class=\"elementor-image-box-title\">Gesti\u00f3n de permisos de ocupaci\u00f3n<\/h3><\/div><\/div>\t\t\t\t<\/div>\n\t\t\t\t<\/div>\n\t\t\t\t<div class=\"elementor-element elementor-element-c30b6b1 elementor-widget-mobile__width-initial elementor-position-top elementor-widget elementor-widget-image-box\" data-id=\"c30b6b1\" data-element_type=\"widget\" data-widget_type=\"image-box.default\">\n\t\t\t\t<div class=\"elementor-widget-container\">\n\t\t\t\t\t<div class=\"elementor-image-box-wrapper\"><figure class=\"elementor-image-box-img\"><img loading=\"lazy\" decoding=\"async\" width=\"400\" height=\"298\" src=\"https:\/\/centredemudances.com\/wp-content\/uploads\/2024\/06\/Centremudances_0000_Capa-6.png\" class=\"attachment-full size-full wp-image-44\" alt=\"\" srcset=\"https:\/\/centredemudances.com\/wp-content\/uploads\/2024\/06\/Centremudances_0000_Capa-6.png 400w, https:\/\/centredemudances.com\/wp-content\/uploads\/2024\/06\/Centremudances_0000_Capa-6-300x224.png 300w\" sizes=\"(max-width: 400px) 100vw, 400px\" \/><\/figure><div class=\"elementor-image-box-content\"><h3 class=\"elementor-image-box-title\">Guardamuebles individuales<\/h3><\/div><\/div>\t\t\t\t<\/div>\n\t\t\t\t<\/div>\n\t\t\t\t<div class=\"elementor-element elementor-element-a84246d elementor-widget-mobile__width-initial elementor-position-top elementor-widget elementor-widget-image-box\" data-id=\"a84246d\" data-element_type=\"widget\" data-widget_type=\"image-box.default\">\n\t\t\t\t<div class=\"elementor-widget-container\">\n\t\t\t\t\t<div class=\"elementor-image-box-wrapper\"><figure class=\"elementor-image-box-img\"><img loading=\"lazy\" decoding=\"async\" width=\"400\" height=\"298\" src=\"https:\/\/centredemudances.com\/wp-content\/uploads\/2024\/06\/paquets.png\" class=\"attachment-full size-full wp-image-151\" alt=\"\" srcset=\"https:\/\/centredemudances.com\/wp-content\/uploads\/2024\/06\/paquets.png 400w, https:\/\/centredemudances.com\/wp-content\/uploads\/2024\/06\/paquets-300x224.png 300w\" sizes=\"(max-width: 400px) 100vw, 400px\" \/><\/figure><div class=\"elementor-image-box-content\"><h3 class=\"elementor-image-box-title\">Recepci\u00f3n de paquetes en el guardamuebles o trastero<\/h3><\/div><\/div>\t\t\t\t<\/div>\n\t\t\t\t<\/div>\n\t\t\t\t<div class=\"elementor-element elementor-element-d354395 elementor-widget-mobile__width-initial elementor-position-top elementor-widget elementor-widget-image-box\" data-id=\"d354395\" data-element_type=\"widget\" data-widget_type=\"image-box.default\">\n\t\t\t\t<div class=\"elementor-widget-container\">\n\t\t\t\t\t<div class=\"elementor-image-box-wrapper\"><figure class=\"elementor-image-box-img\"><img loading=\"lazy\" decoding=\"async\" width=\"400\" height=\"298\" src=\"https:\/\/centredemudances.com\/wp-content\/uploads\/2024\/06\/caixes.png\" class=\"attachment-full size-full wp-image-152\" alt=\"\" srcset=\"https:\/\/centredemudances.com\/wp-content\/uploads\/2024\/06\/caixes.png 400w, https:\/\/centredemudances.com\/wp-content\/uploads\/2024\/06\/caixes-300x224.png 300w\" sizes=\"(max-width: 400px) 100vw, 400px\" \/><\/figure><div class=\"elementor-image-box-content\"><h3 class=\"elementor-image-box-title\">Venta de material de embalaje<\/h3><\/div><\/div>\t\t\t\t<\/div>\n\t\t\t\t<\/div>\n\t\t\t\t<\/div>\n\t\t\t\t<\/div>\n\t\t\t\t<\/div>\n\t\t","protected":false},"excerpt":{"rendered":"<p>Equipo de mudanzas en Girona profesionales, r\u00e1pidos y fiables.Buscamos al equipo que necesitas, ya sea por mudanzas internacionales, nacionales o locales.Dinos de d\u00f3nde quieres que te llevemos las cosas, y te haremos un presupuesto a medida. Podemos calcular la mudanza a horas o a precio cerrado. T\u00fa eliges y nosotros te asesoramos. Podemos realizar el &#8230; <a title=\"Mudanzas Girona\" class=\"read-more\" href=\"https:\/\/centredemudances.com\/es\/mudanzas\/\" aria-label=\"Leer m\u00e1s sobre Mudanzas Girona\">Leer m\u00e1s<\/a><\/p>\n","protected":false},"author":1,"featured_media":0,"parent":0,"menu_order":0,"comment_status":"closed","ping_status":"closed","template":"","meta":{"footnotes":""},"class_list":["post-210","page","type-page","status-publish"],"yoast_head":"<!-- This site is optimized with the Yoast SEO plugin v27.1.1 - https:\/\/yoast.com\/product\/yoast-seo-wordpress\/ -->\n<title>Mudanzas Girona - Centro de Mudanzas<\/title>\n<meta name=\"description\" content=\"Centro de Mudanzas en Girona profesional y r\u00e1pido. Dinos de d\u00f3nde a d\u00f3nde quieres que te llevemos las cosas para un presupuesto a medida.\" \/>\n<meta name=\"robots\" content=\"index, follow, max-snippet:-1, max-image-preview:large, max-video-preview:-1\" \/>\n<link rel=\"canonical\" href=\"https:\/\/centredemudances.com\/es\/mudanzas\/\" \/>\n<meta property=\"og:locale\" content=\"es_ES\" \/>\n<meta property=\"og:type\" content=\"article\" \/>\n<meta property=\"og:title\" content=\"Mudanzas Girona - Centro de Mudanzas\" \/>\n<meta property=\"og:description\" content=\"Centro de Mudanzas en Girona profesional y r\u00e1pido. Dinos de d\u00f3nde a d\u00f3nde quieres que te llevemos las cosas para un presupuesto a medida.\" \/>\n<meta property=\"og:url\" content=\"https:\/\/centredemudances.com\/es\/mudanzas\/\" \/>\n<meta property=\"og:site_name\" content=\"Centre de mudances\" \/>\n<meta property=\"article:modified_time\" content=\"2024-08-26T08:51:49+00:00\" \/>\n<meta property=\"og:image\" content=\"https:\/\/centredemudances.com\/wp-content\/uploads\/2024\/06\/img4-1.jpg\" \/>\n<meta name=\"twitter:card\" content=\"summary_large_image\" \/>\n<meta name=\"twitter:label1\" content=\"Tiempo de lectura\" \/>\n\t<meta name=\"twitter:data1\" content=\"3 minutos\" \/>\n<script type=\"application\/ld+json\" class=\"yoast-schema-graph\">{\"@context\":\"https:\/\/schema.org\",\"@graph\":[{\"@type\":\"WebPage\",\"@id\":\"https:\/\/centredemudances.com\/es\/mudanzas\/\",\"url\":\"https:\/\/centredemudances.com\/es\/mudanzas\/\",\"name\":\"Mudanzas Girona - Centro de Mudanzas\",\"isPartOf\":{\"@id\":\"https:\/\/centredemudances.com\/es\/#website\"},\"primaryImageOfPage\":{\"@id\":\"https:\/\/centredemudances.com\/es\/mudanzas\/#primaryimage\"},\"image\":{\"@id\":\"https:\/\/centredemudances.com\/es\/mudanzas\/#primaryimage\"},\"thumbnailUrl\":\"https:\/\/centredemudances.com\/wp-content\/uploads\/2024\/06\/img4-1.jpg\",\"datePublished\":\"2024-06-18T09:21:21+00:00\",\"dateModified\":\"2024-08-26T08:51:49+00:00\",\"description\":\"Centro de Mudanzas en Girona profesional y r\u00e1pido. Dinos de d\u00f3nde a d\u00f3nde quieres que te llevemos las cosas para un presupuesto a medida.\",\"breadcrumb\":{\"@id\":\"https:\/\/centredemudances.com\/es\/mudanzas\/#breadcrumb\"},\"inLanguage\":\"es\",\"potentialAction\":[{\"@type\":\"ReadAction\",\"target\":[\"https:\/\/centredemudances.com\/es\/mudanzas\/\"]}]},{\"@type\":\"ImageObject\",\"inLanguage\":\"es\",\"@id\":\"https:\/\/centredemudances.com\/es\/mudanzas\/#primaryimage\",\"url\":\"https:\/\/centredemudances.com\/wp-content\/uploads\/2024\/06\/img4-1.jpg\",\"contentUrl\":\"https:\/\/centredemudances.com\/wp-content\/uploads\/2024\/06\/img4-1.jpg\"},{\"@type\":\"BreadcrumbList\",\"@id\":\"https:\/\/centredemudances.com\/es\/mudanzas\/#breadcrumb\",\"itemListElement\":[{\"@type\":\"ListItem\",\"position\":1,\"name\":\"Inici\",\"item\":\"https:\/\/centredemudances.com\/es\/\"},{\"@type\":\"ListItem\",\"position\":2,\"name\":\"Mudanzas Girona\"}]},{\"@type\":\"WebSite\",\"@id\":\"https:\/\/centredemudances.com\/es\/#website\",\"url\":\"https:\/\/centredemudances.com\/es\/\",\"name\":\"centredemudances.com\",\"description\":\"Traslladem felicitat\",\"publisher\":{\"@id\":\"https:\/\/centredemudances.com\/es\/#organization\"},\"alternateName\":\"Centre de Mudances\",\"potentialAction\":[{\"@type\":\"SearchAction\",\"target\":{\"@type\":\"EntryPoint\",\"urlTemplate\":\"https:\/\/centredemudances.com\/es\/?s={search_term_string}\"},\"query-input\":{\"@type\":\"PropertyValueSpecification\",\"valueRequired\":true,\"valueName\":\"search_term_string\"}}],\"inLanguage\":\"es\"},{\"@type\":\"Organization\",\"@id\":\"https:\/\/centredemudances.com\/es\/#organization\",\"name\":\"Centre de mudances\",\"alternateName\":\"CdM\",\"url\":\"https:\/\/centredemudances.com\/es\/\",\"logo\":{\"@type\":\"ImageObject\",\"inLanguage\":\"es\",\"@id\":\"https:\/\/centredemudances.com\/es\/#\/schema\/logo\/image\/\",\"url\":\"https:\/\/centredemudances.com\/wp-content\/uploads\/2024\/06\/centremudances-logo-1.png\",\"contentUrl\":\"https:\/\/centredemudances.com\/wp-content\/uploads\/2024\/06\/centremudances-logo-1.png\",\"width\":764,\"height\":301,\"caption\":\"Centre de mudances\"},\"image\":{\"@id\":\"https:\/\/centredemudances.com\/es\/#\/schema\/logo\/image\/\"}}]}<\/script>\n<!-- \/ Yoast SEO plugin. -->","yoast_head_json":{"title":"Mudanzas Girona - Centro de Mudanzas","description":"Centro de Mudanzas en Girona profesional y r\u00e1pido. Dinos de d\u00f3nde a d\u00f3nde quieres que te llevemos las cosas para un presupuesto a medida.","robots":{"index":"index","follow":"follow","max-snippet":"max-snippet:-1","max-image-preview":"max-image-preview:large","max-video-preview":"max-video-preview:-1"},"canonical":"https:\/\/centredemudances.com\/es\/mudanzas\/","og_locale":"es_ES","og_type":"article","og_title":"Mudanzas Girona - Centro de Mudanzas","og_description":"Centro de Mudanzas en Girona profesional y r\u00e1pido. Dinos de d\u00f3nde a d\u00f3nde quieres que te llevemos las cosas para un presupuesto a medida.","og_url":"https:\/\/centredemudances.com\/es\/mudanzas\/","og_site_name":"Centre de mudances","article_modified_time":"2024-08-26T08:51:49+00:00","og_image":[{"url":"https:\/\/centredemudances.com\/wp-content\/uploads\/2024\/06\/img4-1.jpg","type":"","width":"","height":""}],"twitter_card":"summary_large_image","twitter_misc":{"Tiempo de lectura":"3 minutos"},"schema":{"@context":"https:\/\/schema.org","@graph":[{"@type":"WebPage","@id":"https:\/\/centredemudances.com\/es\/mudanzas\/","url":"https:\/\/centredemudances.com\/es\/mudanzas\/","name":"Mudanzas Girona - Centro de Mudanzas","isPartOf":{"@id":"https:\/\/centredemudances.com\/es\/#website"},"primaryImageOfPage":{"@id":"https:\/\/centredemudances.com\/es\/mudanzas\/#primaryimage"},"image":{"@id":"https:\/\/centredemudances.com\/es\/mudanzas\/#primaryimage"},"thumbnailUrl":"https:\/\/centredemudances.com\/wp-content\/uploads\/2024\/06\/img4-1.jpg","datePublished":"2024-06-18T09:21:21+00:00","dateModified":"2024-08-26T08:51:49+00:00","description":"Centro de Mudanzas en Girona profesional y r\u00e1pido. Dinos de d\u00f3nde a d\u00f3nde quieres que te llevemos las cosas para un presupuesto a medida.","breadcrumb":{"@id":"https:\/\/centredemudances.com\/es\/mudanzas\/#breadcrumb"},"inLanguage":"es","potentialAction":[{"@type":"ReadAction","target":["https:\/\/centredemudances.com\/es\/mudanzas\/"]}]},{"@type":"ImageObject","inLanguage":"es","@id":"https:\/\/centredemudances.com\/es\/mudanzas\/#primaryimage","url":"https:\/\/centredemudances.com\/wp-content\/uploads\/2024\/06\/img4-1.jpg","contentUrl":"https:\/\/centredemudances.com\/wp-content\/uploads\/2024\/06\/img4-1.jpg"},{"@type":"BreadcrumbList","@id":"https:\/\/centredemudances.com\/es\/mudanzas\/#breadcrumb","itemListElement":[{"@type":"ListItem","position":1,"name":"Inici","item":"https:\/\/centredemudances.com\/es\/"},{"@type":"ListItem","position":2,"name":"Mudanzas Girona"}]},{"@type":"WebSite","@id":"https:\/\/centredemudances.com\/es\/#website","url":"https:\/\/centredemudances.com\/es\/","name":"centredemudances.com","description":"Traslladem felicitat","publisher":{"@id":"https:\/\/centredemudances.com\/es\/#organization"},"alternateName":"Centre de Mudances","potentialAction":[{"@type":"SearchAction","target":{"@type":"EntryPoint","urlTemplate":"https:\/\/centredemudances.com\/es\/?s={search_term_string}"},"query-input":{"@type":"PropertyValueSpecification","valueRequired":true,"valueName":"search_term_string"}}],"inLanguage":"es"},{"@type":"Organization","@id":"https:\/\/centredemudances.com\/es\/#organization","name":"Centre de mudances","alternateName":"CdM","url":"https:\/\/centredemudances.com\/es\/","logo":{"@type":"ImageObject","inLanguage":"es","@id":"https:\/\/centredemudances.com\/es\/#\/schema\/logo\/image\/","url":"https:\/\/centredemudances.com\/wp-content\/uploads\/2024\/06\/centremudances-logo-1.png","contentUrl":"https:\/\/centredemudances.com\/wp-content\/uploads\/2024\/06\/centremudances-logo-1.png","width":764,"height":301,"caption":"Centre de mudances"},"image":{"@id":"https:\/\/centredemudances.com\/es\/#\/schema\/logo\/image\/"}}]}},"_links":{"self":[{"href":"https:\/\/centredemudances.com\/es\/wp-json\/wp\/v2\/pages\/210","targetHints":{"allow":["GET"]}}],"collection":[{"href":"https:\/\/centredemudances.com\/es\/wp-json\/wp\/v2\/pages"}],"about":[{"href":"https:\/\/centredemudances.com\/es\/wp-json\/wp\/v2\/types\/page"}],"author":[{"embeddable":true,"href":"https:\/\/centredemudances.com\/es\/wp-json\/wp\/v2\/users\/1"}],"replies":[{"embeddable":true,"href":"https:\/\/centredemudances.com\/es\/wp-json\/wp\/v2\/comments?post=210"}],"version-history":[{"count":13,"href":"https:\/\/centredemudances.com\/es\/wp-json\/wp\/v2\/pages\/210\/revisions"}],"predecessor-version":[{"id":445,"href":"https:\/\/centredemudances.com\/es\/wp-json\/wp\/v2\/pages\/210\/revisions\/445"}],"wp:attachment":[{"href":"https:\/\/centredemudances.com\/es\/wp-json\/wp\/v2\/media?parent=210"}],"curies":[{"name":"wp","href":"https:\/\/api.w.org\/{rel}","templated":true}]}}